{"id":35332,"date":"2019-09-17T19:07:15","date_gmt":"2019-09-17T17:07:15","guid":{"rendered":"https:\/\/capacitador.es\/?page_id=35332"},"modified":"2019-11-03T17:34:36","modified_gmt":"2019-11-03T16:34:36","slug":"conferencia-passos-per-a-avancar-professionalment","status":"publish","type":"page","link":"https:\/\/capacitador.es\/ca\/conferencia-passos-per-a-avancar-professionalment\/","title":{"rendered":"Confer\u00e8ncia: Passos per a avan\u00e7ar professionalment i vital"},"content":{"rendered":"<p>[et_pb_section fb_built=&#8221;1&#8243; _builder_version=&#8221;3.22&#8243; custom_padding=&#8221;||0px|||&#8221; fb_built=&#8221;1&#8243; bb_built=&#8221;1&#8243; _i=&#8221;0&#8243; _address=&#8221;0&#8243;][et_pb_row _builder_version=&#8221;3.25&#8243; background_size=&#8221;initial&#8221; background_position=&#8221;top_left&#8221; background_repeat=&#8221;repeat&#8221; min_height=&#8221;513px&#8221; custom_margin=&#8221;|auto|-17px|auto||&#8221; custom_padding=&#8221;||0px|||&#8221; _i=&#8221;0&#8243; _address=&#8221;0.0&#8243;][et_pb_column type=&#8221;4_4&#8243; _builder_version=&#8221;3.25&#8243; custom_padding=&#8221;|||&#8221; _i=&#8221;0&#8243; _address=&#8221;0.0.0&#8243; custom_padding__hover=&#8221;|||&#8221;][et_pb_text _builder_version=&#8221;3.29.3&#8243; background_size=&#8221;initial&#8221; background_position=&#8221;top_left&#8221; background_repeat=&#8221;repeat&#8221; min_height=&#8221;464px&#8221; custom_margin=&#8221;||-1px|||&#8221; custom_padding=&#8221;||0px|||&#8221; z_index_tablet=&#8221;500&#8243; hover_enabled=&#8221;0&#8243; text_text_shadow_horizontal_length_tablet=&#8221;0px&#8221; text_text_shadow_vertical_length_tablet=&#8221;0px&#8221; text_text_shadow_blur_strength_tablet=&#8221;1px&#8221; link_text_shadow_horizontal_length_tablet=&#8221;0px&#8221; link_text_shadow_vertical_length_tablet=&#8221;0px&#8221; link_text_shadow_blur_strength_tablet=&#8221;1px&#8221; ul_text_shadow_horizontal_length_tablet=&#8221;0px&#8221; ul_text_shadow_vertical_length_tablet=&#8221;0px&#8221; ul_text_shadow_blur_strength_tablet=&#8221;1px&#8221; ol_text_shadow_horizontal_length_tablet=&#8221;0px&#8221; ol_text_shadow_vertical_length_tablet=&#8221;0px&#8221; ol_text_shadow_blur_strength_tablet=&#8221;1px&#8221; quote_text_shadow_horizontal_length_tablet=&#8221;0px&#8221; quote_text_shadow_vertical_length_tablet=&#8221;0px&#8221; quote_text_shadow_blur_strength_tablet=&#8221;1px&#8221; header_text_shadow_horizontal_length_tablet=&#8221;0px&#8221; header_text_shadow_vertical_length_tablet=&#8221;0px&#8221; header_text_shadow_blur_strength_tablet=&#8221;1px&#8221; header_2_text_shadow_horizontal_length_tablet=&#8221;0px&#8221; header_2_text_shadow_vertical_length_tablet=&#8221;0px&#8221; header_2_text_shadow_blur_strength_tablet=&#8221;1px&#8221; header_3_text_shadow_horizontal_length_tablet=&#8221;0px&#8221; header_3_text_shadow_vertical_length_tablet=&#8221;0px&#8221; header_3_text_shadow_blur_strength_tablet=&#8221;1px&#8221; header_4_text_shadow_horizontal_length_tablet=&#8221;0px&#8221; header_4_text_shadow_vertical_length_tablet=&#8221;0px&#8221; header_4_text_shadow_blur_strength_tablet=&#8221;1px&#8221; header_5_text_shadow_horizontal_length_tablet=&#8221;0px&#8221; header_5_text_shadow_vertical_length_tablet=&#8221;0px&#8221; header_5_text_shadow_blur_strength_tablet=&#8221;1px&#8221; header_6_text_shadow_horizontal_length_tablet=&#8221;0px&#8221; header_6_text_shadow_vertical_length_tablet=&#8221;0px&#8221; header_6_text_shadow_blur_strength_tablet=&#8221;1px&#8221; box_shadow_horizontal_tablet=&#8221;0px&#8221; box_shadow_vertical_tablet=&#8221;0px&#8221; box_shadow_blur_tablet=&#8221;40px&#8221; box_shadow_spread_tablet=&#8221;0px&#8221; _i=&#8221;0&#8243; _address=&#8221;0.0.0.0&#8243;]<\/p>\n<p>Imagina&#8217;t que aprens a superar dificultats i a aconseguir noves habilitats professionals.<\/p>\n<p>Et convide a aquesta confer\u00e8ncia perqu\u00e8 s\u00e0pies qu\u00e8 pots aconseguir participant en la formaci\u00f3 <a href=\"https:\/\/capacitador.es\/ca\/habilitats-de-desenvolupament-vital-i-professional-amb-models-dbm\/\" target=\"_blank\" rel=\"noopener noreferrer\">Habilitats de desenvolupament vital i professional amb models DBM\u00ae<\/a> en dues \u00e0rees:<\/p>\n<p><strong>PROFESSIONAL<\/strong><\/p>\n<ul>\n<li>Prioritzar tasques.<\/li>\n<li>Millorar les teues capacitats d&#8217;aconseguir metes.<\/li>\n<li>Optimitzar el teu rendiment professional.<\/li>\n<li>Gaudir del teu treball.<\/li>\n<li>Reorientar la teua carrera professional.<\/li>\n<li>Incrementar la motivaci\u00f3 i la comunicaci\u00f3.<\/li>\n<li>Utilitzar el llenguatge amb precisi\u00f3.<\/li>\n<li>Aprendre a escoltar.<\/li>\n<li>Fomentar precisi\u00f3 i subtilesa en el pensar per a prendre decisions m\u00e9s encertades.<\/li>\n<li>Investigar noves maneres de pensar i sentir per a anar m\u00e9s enll\u00e0 en resultats efectius, benestar i sentit vital.<\/li>\n<li>Potenciaci\u00f3 de l&#8217;aprenentatge en diferents circumst\u00e0ncies: nous reptes personals\/professionals, treball en equip, transicions a nous rols (ascensos, treballs col\u00b7laboratius, etc.).<\/li>\n<\/ul>\n<p>&nbsp;<\/p>\n<p><strong>PERSONAL<\/strong><\/p>\n<ul>\n<li>Guanyar qualitat de vida i equilibri emocional.<\/li>\n<li>Aprendre a superar h\u00e0bits negatius.<\/li>\n<li>Superar pors, inseguretats, etc.<\/li>\n<li>Millorar la teua capacitat de relacionar-te.<\/li>\n<li>Crear una actitud vital m\u00e9s plena.<\/li>\n<li>Aprendre a pensar amb claredat.<\/li>\n<\/ul>\n<blockquote>\n<p><strong>Perqu\u00e8 res \u00e9s m\u00e9s important que aprendre a capacitar-te cont\u00ednuament en el m\u00f3n canviant.<\/strong><\/p>\n<\/blockquote>\n<p>La confer\u00e8ncia la celebrarem el dimecres 13 de novembre a les 19.00 hores en <a href=\"http:\/\/www.alterna.coop\/ecoworking\/\" target=\"_blank\" rel=\"noopener noreferrer\">Ecoworking<\/a>, carrer Major, 152, Albalat dels Sorells. A 10 minuts camonant de l&#8217;estaci\u00f3 de metro d&#8217;Albalat dels Sorells.<\/p>\n<p>Encara que \u00e9s gratu\u00efta i NO requereix d&#8217;inscripci\u00f3 pr\u00e8via et recomane que intrudisques les teues dades per que amb aix\u00f2 aconseguir\u00e0s art\u00edcles sobre desenvolupament professional, creixement personal, etc..<\/p>\n<p>Introdueix les teues dades en el formulari de baix i rebr\u00e0s immediatament la informaci\u00f3:<\/p>\n<p>&nbsp;<\/p>\n<p>[\/et_pb_text][\/et_pb_column][\/et_pb_row][et_pb_row column_structure=&#8221;2_3,1_3&#8243; custom_padding_last_edited=&#8221;on|phone&#8221; admin_label=&#8221;CTA Row&#8221; _builder_version=&#8221;3.25&#8243; background_color_gradient_direction=&#8221;243deg&#8221; min_height=&#8221;425px&#8221; custom_margin=&#8221;19px|auto||auto||&#8221; custom_padding=&#8221;9px|40px||40px||&#8221; custom_padding_phone=&#8221;0px|0px||0px&#8221; border_radii=&#8221;on|4px|4px|4px|4px&#8221; collapsed=&#8221;off&#8221; _i=&#8221;1&#8243; _address=&#8221;0.1&#8243;][et_pb_column type=&#8221;2_3&#8243; _builder_version=&#8221;3.25&#8243; background_color=&#8221;#05a280&#8243; custom_padding=&#8221;30px|30px|30px|30px&#8221; custom_padding_tablet=&#8221;|20px||20px&#8221; custom_padding_phone=&#8221;20px|15px||15px&#8221; custom_padding_last_edited=&#8221;on|phone&#8221; padding_phone=&#8221;20px|15px||15px&#8221; padding_tablet=&#8221;|20px||20px&#8221; padding_last_edited=&#8221;on|phone&#8221; padding_bottom=&#8221;30px&#8221; padding_left=&#8221;30px&#8221; padding_right=&#8221;30px&#8221; padding_top=&#8221;30px&#8221; _i=&#8221;0&#8243; _address=&#8221;0.1.0&#8243; custom_padding__hover=&#8221;|||&#8221;][et_pb_code _builder_version=&#8221;3.29.3&#8243; _i=&#8221;0&#8243; _address=&#8221;0.1.0.0&#8243;]\n<div class=\"wpcf7 no-js\" id=\"wpcf7-f35521-o1\" lang=\"\" dir=\"ltr\" data-wpcf7-id=\"35521\">\n<div class=\"screen-reader-response\"><p role=\"status\" aria-live=\"polite\" aria-atomic=\"true\"><\/p> <ul><\/ul><\/div>\n<form action=\"\/ca\/wp-json\/wp\/v2\/pages\/35332#wpcf7-f35521-o1\" method=\"post\" class=\"wpcf7-form init\" aria-label=\"Formulari de contacte\" novalidate=\"novalidate\" data-status=\"init\">\n<fieldset class=\"hidden-fields-container\"><input type=\"hidden\" name=\"_wpcf7\" value=\"35521\" \/><input type=\"hidden\" name=\"_wpcf7_version\" value=\"6.1.5\" \/><input type=\"hidden\" name=\"_wpcf7_locale\" value=\"\" \/><input type=\"hidden\" name=\"_wpcf7_unit_tag\" value=\"wpcf7-f35521-o1\" \/><input type=\"hidden\" name=\"_wpcf7_container_post\" value=\"0\" \/><input type=\"hidden\" name=\"_wpcf7_posted_data_hash\" value=\"\" \/><input type=\"hidden\" name=\"_wpcf7_recaptcha_response\" value=\"\" \/>\n<\/fieldset>\n<font color=#ffffff>\n\t<p><span class=\"wpcf7-form-control-wrap\" data-name=\"your-name\"><input size=\"40\" maxlength=\"400\" class=\"wpcf7-form-control wpcf7-text wpcf7-validates-as-required\" aria-required=\"true\" aria-invalid=\"false\" placeholder=\"Nombre\/Nom*\" value=\"\" type=\"text\" name=\"your-name\" \/><\/span>\n\t<\/p>\n\t<p><span class=\"wpcf7-form-control-wrap\" data-name=\"your-email\"><input size=\"40\" maxlength=\"400\" class=\"wpcf7-form-control wpcf7-email wpcf7-validates-as-required wpcf7-text wpcf7-validates-as-email\" aria-required=\"true\" aria-invalid=\"false\" placeholder=\"Email\/Correu *\" value=\"\" type=\"email\" name=\"your-email\" \/><\/span>\n\t<\/p>\n\t<p><span class=\"wpcf7-form-control-wrap\" data-name=\"telefono\"><input size=\"40\" maxlength=\"400\" class=\"wpcf7-form-control wpcf7-text\" aria-invalid=\"false\" placeholder=\"Tel\u00e9fono\/Tel\u00e8fon\" value=\"\" type=\"text\" name=\"telefono\" \/><\/span>\n\t<\/p>\n\t<p><span class=\"wpcf7-form-control-wrap\" data-name=\"acceptance-436\"><span class=\"wpcf7-form-control wpcf7-acceptance\"><span class=\"wpcf7-list-item\"><label><input type=\"checkbox\" name=\"acceptance-436\" value=\"1\" aria-invalid=\"false\" \/><span class=\"wpcf7-list-item-label\"><a target=\u201c_blank\u201d href=\"http:\/\/www.capacitador.es\/politica-privacidad\" style=\"color: black\"> Acepto Pol\u00edtica de Privacidad <\/a><\/span><\/label><\/span><\/span><\/span>\n\t<\/p>\n\t<p><input class=\"wpcf7-form-control wpcf7-submit has-spinner\" type=\"submit\" value=\"S\u00ed, lo quiero\" \/>\n\t<\/p>\n<\/font><p style=\"display: none !important;\" class=\"akismet-fields-container\" data-prefix=\"_wpcf7_ak_\"><label>&#916;<textarea name=\"_wpcf7_ak_hp_textarea\" cols=\"45\" rows=\"8\" maxlength=\"100\"><\/textarea><\/label><input type=\"hidden\" id=\"ak_js_1\" name=\"_wpcf7_ak_js\" value=\"173\"\/><script type=\"text\/javascript\">\n\/* <![CDATA[ *\/\ndocument.getElementById( \"ak_js_1\" ).setAttribute( \"value\", ( new Date() ).getTime() );\n\/* ]]> *\/\n<\/script>\n<\/p><div class=\"wpcf7-response-output\" aria-hidden=\"true\"><\/div>\n<\/form>\n<\/div>\n[\/et_pb_code][et_pb_toggle title=&#8221;Informaci\u00f3n b\u00e1sica sobre protecci\u00f3n de datos:&#8221; icon_color=&#8221;#ffffff&#8221; admin_label=&#8221;Desplegable Info b\u00e1sica protecci\u00f3n datos&#8221; _builder_version=&#8221;3.29.3&#8243; title_text_color=&#8221;#ffffff&#8221; title_font=&#8221;||||||||&#8221; title_font_size=&#8221;12px&#8221; body_font=&#8221;||||||||&#8221; body_text_color=&#8221;#ffffff&#8221; body_font_size=&#8221;11px&#8221; background_color=&#8221;#05a280&#8243; max_width=&#8221;75%&#8221; max_width_last_edited=&#8221;on|phone&#8221; title_font_size_phone=&#8221;11px&#8221; title_font_size_last_edited=&#8221;on|phone&#8221; body_font_size_last_edited=&#8221;on|phone&#8221; saved_tabs=&#8221;all&#8221; _i=&#8221;1&#8243; _address=&#8221;0.1.0.1&#8243;]<\/p>\n<p><b>Responsable:<\/b>\u00a0Carles Porcel L\u00f3pez<br \/><b>Finalidad:<\/b>\u00a0Informar regularmente de nuestras actividades.<br \/><b>Legitimaci\u00f3n:<\/b>\u00a0Consentimiento expreso del usuario a trav\u00e9s de la selecci\u00f3n de la casilla check de env\u00edo del formulario, haber rellenado un formulario en papel o por llamada telef\u00f3nica. Consentimiento del interesado.<br \/><b>Derechos:<\/b>\u00a0Podr\u00e1 ejercitar los derechos de acceso, rectificaci\u00f3n, supresi\u00f3n, oposici\u00f3n, portabilidad y retirada de consentimiento de sus datos personales en la direcci\u00f3n de correo electr\u00f3nico &#99;&#x61;&#114;&#x6c;&#101;&#x73;&#64;&#x63;&#97;&#x70;&#97;&#x63;i&#x74;a&#x64;o&#x72;&#46;&#x65;s<\/p>\n<p>[\/et_pb_toggle][\/et_pb_column][et_pb_column type=&#8221;1_3&#8243; _builder_version=&#8221;3.25&#8243; custom_padding=&#8221;|||&#8221; _i=&#8221;1&#8243; _address=&#8221;0.1.1&#8243; custom_padding__hover=&#8221;|||&#8221;][\/et_pb_column][\/et_pb_row][\/et_pb_section][et_pb_section fb_built=&#8221;1&#8243; admin_label=&#8221;Get Started CTA&#8221; _builder_version=&#8221;3.22&#8243; background_color=&#8221;#F7F7F7&#8243; custom_padding=&#8221;0px|0px|100px|0px&#8221; box_shadow_style=&#8221;preset3&#8243; box_shadow_vertical=&#8221;160px&#8221; box_shadow_blur=&#8221;0px&#8221; box_shadow_spread=&#8221;-80px&#8221; box_shadow_color=&#8221;#ffffff&#8221; box_shadow_position=&#8221;inner&#8221; saved_tabs=&#8221;all&#8221; fb_built=&#8221;1&#8243; _i=&#8221;1&#8243; _address=&#8221;1&#8243;][\/et_pb_section]<\/p>\n","protected":false},"excerpt":{"rendered":"<p>Imagina&#8217;t que aprens a superar dificultats i a aconseguir noves habilitats professionals. Et convide a aquesta confer\u00e8ncia perqu\u00e8 s\u00e0pies qu\u00e8 pots aconseguir participant en la formaci\u00f3 Habilitats de desenvolupament vital i professional amb models DBM\u00ae en dues \u00e0rees: PROFESSIONAL Prioritzar tasques. Millorar les teues capacitats d&#8217;aconseguir metes. Optimitzar el teu rendiment professional. Gaudir del teu [&hellip;]<\/p>\n","protected":false},"author":1,"featured_media":35355,"parent":0,"menu_order":0,"comment_status":"closed","ping_status":"closed","template":"","meta":{"_et_pb_use_builder":"on","_et_pb_old_content":"Imag\u00ednate que aprendes a superar dificultades y a conseguir nuevas habilidades profesionales.\r\n\r\nTe invito a esta conferencia para que sepas qu\u00e9 puedes conseguir participando en la formaci\u00f3n Habilidades de desarrollo vital y profesional con modelos DBM\u00ae:\r\n<ul>\r\n \t<li>Ganar calidad de vida y equilibrio emocional.<\/li>\r\n \t<li>Priorizar tareas.<\/li>\r\n \t<li>Mejorar tus capacidades comerciales.<\/li>\r\n \t<li>Optimizar tu rendimiento profesional.\r\nDisfrutar de tu trabajo.\r\nReorientar tu carrera profesional.\r\nIncrementar la motivaci\u00f3n.\r\nFomentar precisi\u00f3n y sutileza en el pensar para tomar decisiones m\u00e1s atinadas.\r\nInvestigar nuevas maneras de pensar y sentir para ir m\u00e1s all\u00e1 en resultados efectivos, bienestar y sentido vital.\r\nPotenciaci\u00f3n del aprendizaje en diferentes circunstancias: nuevos retos personales\/profesionales, trabajo en equipo, transiciones a nuevos roles (ascensos, trabajos colaborativos, etc.).<\/li>\r\n<\/ul>\r\nPorque nada es m\u00e1s importante que aprender a capacitarte continuamente en el mundo cambiante.\r\n\r\nLa conferencia la celebraremos el mi\u00e9rcoles 25 a las 19:00 horas en mi local de Marqu\u00e9s de Lozoya, 1 puerta 1 de Val\u00e8ncia.\r\n\r\nEs gratuita y requiere de inscripci\u00f3n previa ya que hay plazas limitadas.\r\n\r\nPara ello introduce tus datos en:\r\n\r\n[contact-form-7 id=\"29949\" title=\"Conferencia: Pasos para avanzar profesionalmente\"]\r\n\r\n\u00a0","_et_gb_content_width":"","footnotes":""},"class_list":["post-35332","page","type-page","status-publish","has-post-thumbnail","hentry"],"aioseo_notices":[],"_links":{"self":[{"href":"https:\/\/capacitador.es\/ca\/wp-json\/wp\/v2\/pages\/35332","targetHints":{"allow":["GET"]}}],"collection":[{"href":"https:\/\/capacitador.es\/ca\/wp-json\/wp\/v2\/pages"}],"about":[{"href":"https:\/\/capacitador.es\/ca\/wp-json\/wp\/v2\/types\/page"}],"author":[{"embeddable":true,"href":"https:\/\/capacitador.es\/ca\/wp-json\/wp\/v2\/users\/1"}],"replies":[{"embeddable":true,"href":"https:\/\/capacitador.es\/ca\/wp-json\/wp\/v2\/comments?post=35332"}],"version-history":[{"count":5,"href":"https:\/\/capacitador.es\/ca\/wp-json\/wp\/v2\/pages\/35332\/revisions"}],"predecessor-version":[{"id":36564,"href":"https:\/\/capacitador.es\/ca\/wp-json\/wp\/v2\/pages\/35332\/revisions\/36564"}],"wp:featuredmedia":[{"embeddable":true,"href":"https:\/\/capacitador.es\/ca\/wp-json\/wp\/v2\/media\/35355"}],"wp:attachment":[{"href":"https:\/\/capacitador.es\/ca\/wp-json\/wp\/v2\/media?parent=35332"}],"curies":[{"name":"wp","href":"https:\/\/api.w.org\/{rel}","templated":true}]}}