{"id":32591,"date":"2019-06-05T13:53:27","date_gmt":"2019-06-05T11:53:27","guid":{"rendered":"https:\/\/capacitador.es\/conferencia-apoderament-capacitat-daccio-i-pensament\/"},"modified":"2019-06-05T13:57:11","modified_gmt":"2019-06-05T11:57:11","slug":"conferencia-apoderament-capacitat-daccio-i-pensament","status":"publish","type":"page","link":"https:\/\/capacitador.es\/ca\/conferencia-apoderament-capacitat-daccio-i-pensament\/","title":{"rendered":"Conferencia &#8220;Apoderament: Capacitat d&#8217;acci\u00f3 i pensament&#8221;"},"content":{"rendered":"<p>Apoderar-se t\u00e9 a veure amb dos aspectes:<\/p>\n<ol>\n<li>D&#8217;una banda amb notar les limitacions en la manera de pensar, sentir i actuar per a aprendre a superar-les.<\/li>\n<li>Per un altre amb fomentar actituds potenciadores basades en desenvolupar habilitats, noves perspectives vitals i curiositat d&#8217;anar m\u00e9s enll\u00e0..<\/li>\n<\/ol>\n<p>En aquesta confer\u00e8ncia plantejarem alguns dels seus beneficis:<\/p>\n<ul>\n<li>Ampliar la zona de confort.<\/li>\n<li>Fomentar actituds proactives.<\/li>\n<li>Superar dificultats personals\/professionals.<\/li>\n<li>Crear una nova perspectiva vital.<\/li>\n<\/ul>\n<p>La confer\u00e8ncia la celebrarem el<strong> dijous 13 de juny de 2019 a les 19.00 hores<\/strong> en el meu centre de Marqu\u00e9s de <a href=\"https:\/\/capacitador.es\/ca\/contacte\/\" target=\"_blank\" rel=\"noopener noreferrer\">Lozoya, 1 porta 1 de Val\u00e8ncia.<\/a><\/p>\n<p>\u00c9s d&#8217;entrada gratu\u00efta. A causa de l&#8217;aforament limitat \u00e9s<strong> convenient reservar pla\u00e7a emplenat el formulari de m\u00e9s a baix.<\/strong><\/p>\n<p>Aquesta confer\u00e8ncia \u00e9s la presentaci\u00f3 del curs que celebrarem a l&#8217;agost <a href=\"https:\/\/capacitador.es\/ca\/superacio-de-dificultats-aprendre-a-apoderar-se\/\" target=\"_blank\" rel=\"noopener noreferrer\">Superaci\u00f3 de dificultats. Aprendre a apoderar-se.<\/a><\/p>\n<p>&nbsp;<\/p>\n\n<div class=\"wpcf7 no-js\" id=\"wpcf7-f31589-o1\" lang=\"\" dir=\"ltr\" data-wpcf7-id=\"31589\">\n<div class=\"screen-reader-response\"><p role=\"status\" aria-live=\"polite\" aria-atomic=\"true\"><\/p> <ul><\/ul><\/div>\n<form action=\"\/ca\/wp-json\/wp\/v2\/pages\/32591#wpcf7-f31589-o1\" method=\"post\" class=\"wpcf7-form init\" aria-label=\"Formulari de contacte\" novalidate=\"novalidate\" data-status=\"init\">\n<fieldset class=\"hidden-fields-container\"><input type=\"hidden\" name=\"_wpcf7\" value=\"31589\" \/><input type=\"hidden\" name=\"_wpcf7_version\" value=\"6.1.5\" \/><input type=\"hidden\" name=\"_wpcf7_locale\" value=\"\" \/><input type=\"hidden\" name=\"_wpcf7_unit_tag\" value=\"wpcf7-f31589-o1\" \/><input type=\"hidden\" name=\"_wpcf7_container_post\" value=\"0\" \/><input type=\"hidden\" name=\"_wpcf7_posted_data_hash\" value=\"\" \/><input type=\"hidden\" name=\"_wpcf7_recaptcha_response\" value=\"\" \/>\n<\/fieldset>\n<font color=#ffffff>\n\t<p><span class=\"wpcf7-form-control-wrap\" data-name=\"your-name\"><input size=\"40\" maxlength=\"400\" class=\"wpcf7-form-control wpcf7-text wpcf7-validates-as-required\" aria-required=\"true\" aria-invalid=\"false\" placeholder=\"Nombre\/Nom*\" value=\"\" type=\"text\" name=\"your-name\" \/><\/span>\n\t<\/p>\n\t<p><span class=\"wpcf7-form-control-wrap\" data-name=\"your-email\"><input size=\"40\" maxlength=\"400\" class=\"wpcf7-form-control wpcf7-email wpcf7-validates-as-required wpcf7-text wpcf7-validates-as-email\" aria-required=\"true\" aria-invalid=\"false\" placeholder=\"Email*\" value=\"\" type=\"email\" name=\"your-email\" \/><\/span>\n\t<\/p>\n\t<p>Idioma *<br \/>\n<span class=\"wpcf7-form-control-wrap\" data-name=\"Idioma\"><select class=\"wpcf7-form-control wpcf7-select wpcf7-validates-as-required\" aria-required=\"true\" aria-invalid=\"false\" name=\"Idioma\"><option value=\"\"><\/option><option value=\"Castellano\">Castellano<\/option><option value=\"Valenci\u00e0\">Valenci\u00e0<\/option><\/select><\/span>\n\t<\/p>\n\t<p><span class=\"wpcf7-form-control-wrap\" data-name=\"telefono\"><input size=\"40\" maxlength=\"400\" class=\"wpcf7-form-control wpcf7-text\" aria-invalid=\"false\" placeholder=\"Tel\u00e9fono\/Tel\u00e9fon\" value=\"\" type=\"text\" name=\"telefono\" \/><\/span>\n\t<\/p>\n\t<p><span class=\"wpcf7-form-control-wrap\" data-name=\"acceptance-436\"><span class=\"wpcf7-form-control wpcf7-acceptance\"><span class=\"wpcf7-list-item\"><label><input type=\"checkbox\" name=\"acceptance-436\" value=\"1\" aria-invalid=\"false\" \/><span class=\"wpcf7-list-item-label\">Acepto la <a target=\u201c_blank\u201d href=\"http:\/\/www.capacitador.es\/politica-privacidad\/\" style=\"color: black\"> Pol\u00edtica de Privacidad <\/a><\/span><\/label><\/span><\/span><\/span>\n\t<\/p>\n\t<p><input class=\"wpcf7-form-control wpcf7-submit has-spinner\" type=\"submit\" value=\"Enviar\" \/>\n\t<\/p>\n<\/font><p style=\"display: none !important;\" class=\"akismet-fields-container\" data-prefix=\"_wpcf7_ak_\"><label>&#916;<textarea name=\"_wpcf7_ak_hp_textarea\" cols=\"45\" rows=\"8\" maxlength=\"100\"><\/textarea><\/label><input type=\"hidden\" id=\"ak_js_1\" name=\"_wpcf7_ak_js\" value=\"232\"\/><script type=\"text\/javascript\">\n\/* <![CDATA[ *\/\ndocument.getElementById( \"ak_js_1\" ).setAttribute( \"value\", ( new Date() ).getTime() );\n\/* ]]> *\/\n<\/script>\n<\/p><div class=\"wpcf7-response-output\" aria-hidden=\"true\"><\/div>\n<\/form>\n<\/div>\n\n","protected":false},"excerpt":{"rendered":"<p>Apoderar-se t\u00e9 a veure amb dos aspectes: D&#8217;una banda amb notar les limitacions en la manera de pensar, sentir i actuar per a aprendre a superar-les. Per un altre amb fomentar actituds potenciadores basades en desenvolupar habilitats, noves perspectives vitals i curiositat d&#8217;anar m\u00e9s enll\u00e0.. En aquesta confer\u00e8ncia plantejarem alguns dels seus beneficis: Ampliar la [&hellip;]<\/p>\n","protected":false},"author":1,"featured_media":32589,"parent":0,"menu_order":0,"comment_status":"closed","ping_status":"closed","template":"","meta":{"_et_pb_use_builder":"","_et_pb_old_content":"","_et_gb_content_width":"","footnotes":""},"class_list":["post-32591","page","type-page","status-publish","has-post-thumbnail","hentry"],"aioseo_notices":[],"_links":{"self":[{"href":"https:\/\/capacitador.es\/ca\/wp-json\/wp\/v2\/pages\/32591","targetHints":{"allow":["GET"]}}],"collection":[{"href":"https:\/\/capacitador.es\/ca\/wp-json\/wp\/v2\/pages"}],"about":[{"href":"https:\/\/capacitador.es\/ca\/wp-json\/wp\/v2\/types\/page"}],"author":[{"embeddable":true,"href":"https:\/\/capacitador.es\/ca\/wp-json\/wp\/v2\/users\/1"}],"replies":[{"embeddable":true,"href":"https:\/\/capacitador.es\/ca\/wp-json\/wp\/v2\/comments?post=32591"}],"version-history":[{"count":1,"href":"https:\/\/capacitador.es\/ca\/wp-json\/wp\/v2\/pages\/32591\/revisions"}],"predecessor-version":[{"id":32593,"href":"https:\/\/capacitador.es\/ca\/wp-json\/wp\/v2\/pages\/32591\/revisions\/32593"}],"wp:featuredmedia":[{"embeddable":true,"href":"https:\/\/capacitador.es\/ca\/wp-json\/wp\/v2\/media\/32589"}],"wp:attachment":[{"href":"https:\/\/capacitador.es\/ca\/wp-json\/wp\/v2\/media?parent=32591"}],"curies":[{"name":"wp","href":"https:\/\/api.w.org\/{rel}","templated":true}]}}